{"id":812,"date":"2022-08-31T15:27:22","date_gmt":"2022-08-31T15:27:22","guid":{"rendered":"http:\/\/steuber22.kroeger-grafikdesign.de\/?page_id=812"},"modified":"2023-07-25T07:45:27","modified_gmt":"2023-07-25T07:45:27","slug":"forum-des-utilisateurs","status":"publish","type":"page","link":"https:\/\/steuber.net\/fr\/anwenderforum\/","title":{"rendered":"Forum des utilisateurs"},"content":{"rendered":"<div data-elementor-type=\"wp-page\" data-elementor-id=\"812\" class=\"elementor elementor-812\" data-elementor-post-type=\"page\">\n\t\t\t\t<div class=\"elementor-element elementor-element-b63a521 e-con-full e-flex e-con e-parent\" data-id=\"b63a521\" data-element_type=\"container\" data-e-type=\"container\" data-settings=\"{&quot;background_background&quot;:&quot;classic&quot;}\">\n\t\t\t\t<div class=\"elementor-element elementor-element-6e6a95f elementor-widget elementor-widget-heading\" data-id=\"6e6a95f\" data-element_type=\"widget\" data-e-type=\"widget\" data-widget_type=\"heading.default\">\n\t\t\t\t<div class=\"elementor-widget-container\">\n\t\t\t\t\t<h1 class=\"elementor-heading-title elementor-size-default\">Antworten auf Ihre Fragen und spannende Success Stories \u2013 das Steuber Anwenderforum<\/h1>\t\t\t\t<\/div>\n\t\t\t\t<\/div>\n\t\t\t\t<div class=\"elementor-element elementor-element-92fb9d5 elementor-widget elementor-widget-text-editor\" data-id=\"92fb9d5\" data-element_type=\"widget\" data-e-type=\"widget\" data-widget_type=\"text-editor.default\">\n\t\t\t\t<div class=\"elementor-widget-container\">\n\t\t\t\t\t\t\t\t\t<p>\u00dcber 100 Jahre Steuber Expertise in der grafischen Industrie. Mehr und mehr wurden wir zur Schnittstelle zwischen Herstellern und Anwendern. Viele Fragen, die uns \u00fcber die Jahre immer wieder gestellt wurden, interessante L\u00f6sungen aktueller Fragestellungen \u2013 all das behandeln wir in diesem Anwenderforum. Hier ver\u00f6ffentlichen wir neben Problemen und L\u00f6sungen auch interessante Case Studies.<\/p>\t\t\t\t\t\t\t\t<\/div>\n\t\t\t\t<\/div>\n\t\t\t\t<\/div>\n\t\t<div class=\"elementor-element elementor-element-ffe9873 e-con-full e-flex e-con e-parent\" data-id=\"ffe9873\" data-element_type=\"container\" data-e-type=\"container\">\n\t\t<div class=\"elementor-element elementor-element-b1baae2 e-con-full e-flex e-con e-parent\" data-id=\"b1baae2\" data-element_type=\"container\" data-e-type=\"container\">\n\t\t\t\t<div class=\"elementor-element elementor-element-a6b6dca elementor-hidden-tablet elementor-hidden-mobile elementor-widget elementor-widget-heading\" data-id=\"a6b6dca\" data-element_type=\"widget\" data-e-type=\"widget\" data-widget_type=\"heading.default\">\n\t\t\t\t<div class=\"elementor-widget-container\">\n\t\t\t\t\t<h3 class=\"elementor-heading-title elementor-size-default\">Neu <\/h3>\t\t\t\t<\/div>\n\t\t\t\t<\/div>\n\t\t\t\t<div class=\"elementor-element elementor-element-d52dc5d elementor-grid-1 elementor-posts--thumbnail-none elementor-grid-tablet-1 elementor-grid-mobile-1 elementor-widget elementor-widget-posts\" data-id=\"d52dc5d\" data-element_type=\"widget\" data-e-type=\"widget\" data-settings=\"{&quot;classic_columns&quot;:&quot;1&quot;,&quot;classic_row_gap&quot;:{&quot;unit&quot;:&quot;px&quot;,&quot;size&quot;:46,&quot;sizes&quot;:[]},&quot;classic_columns_tablet&quot;:&quot;1&quot;,&quot;classic_columns_mobile&quot;:&quot;1&quot;,&quot;classic_row_gap_tablet&quot;:{&quot;unit&quot;:&quot;px&quot;,&quot;size&quot;:&quot;&quot;,&quot;sizes&quot;:[]},&quot;classic_row_gap_mobile&quot;:{&quot;unit&quot;:&quot;px&quot;,&quot;size&quot;:&quot;&quot;,&quot;sizes&quot;:[]}}\" data-widget_type=\"posts.classic\">\n\t\t\t\t<div class=\"elementor-widget-container\">\n\t\t\t\t\t\t\t<div class=\"elementor-posts-container elementor-posts elementor-posts--skin-classic elementor-grid\" role=\"list\">\n\t\t\t\t<article class=\"elementor-post elementor-grid-item post-2852 post type-post status-publish format-standard has-post-thumbnail hentry category-anwenderforum\" role=\"listitem\">\n\t\t\t\t<div class=\"elementor-post__text\">\n\t\t\t\t<h3 class=\"elementor-post__title\">\n\t\t\t<a href=\"https:\/\/steuber.net\/fr\/anwenderforum\/datenueberpruefung-mit-automatischem-preflight\/\">\n\t\t\t\tV\u00e9rification des donn\u00e9es avec contr\u00f4le en amont automatique\t\t\t<\/a>\n\t\t<\/h3>\n\t\t\t\t<div class=\"elementor-post__excerpt\">\n\t\t\t<p>V\u00e9rification des donn\u00e9es avec contr\u00f4le en amont automatique. PitStop to Switch vous permet de v\u00e9rifier et d'optimiser automatiquement les donn\u00e9es clients que vous avez livr\u00e9es. L'\u00e9quipe de service de Steuber vous aide \u00e0 mettre en \u0153uvre le nouveau logiciel et \u00e0 vous former \u00e0 son utilisation.<\/p>\n\t\t<\/div>\n\t\t\n\t\t<a class=\"elementor-post__read-more\" href=\"https:\/\/steuber.net\/fr\/anwenderforum\/datenueberpruefung-mit-automatischem-preflight\/\" aria-label=\"Read more about Daten\u00fcberpr\u00fcfung mit automatischem Preflight\" tabindex=\"-1\">\n\t\t\tLire la suite \u00bb\t\t<\/a>\n\n\t\t\t\t<\/div>\n\t\t\t\t<\/article>\n\t\t\t\t<\/div>\n\t\t\n\t\t\t\t\t\t<\/div>\n\t\t\t\t<\/div>\n\t\t\t\t<\/div>\n\t\t<div class=\"elementor-element elementor-element-faf2773 e-con-full e-flex e-con e-parent\" data-id=\"faf2773\" data-element_type=\"container\" data-e-type=\"container\">\n\t\t\t\t<div class=\"elementor-element elementor-element-21894a2 elementor-grid-1 elementor-grid-tablet-1 elementor-grid-mobile-1 elementor-posts--thumbnail-top elementor-widget elementor-widget-posts\" data-id=\"21894a2\" data-element_type=\"widget\" data-e-type=\"widget\" data-settings=\"{&quot;classic_columns&quot;:&quot;1&quot;,&quot;classic_columns_tablet&quot;:&quot;1&quot;,&quot;classic_columns_mobile&quot;:&quot;1&quot;,&quot;classic_row_gap&quot;:{&quot;unit&quot;:&quot;px&quot;,&quot;size&quot;:35,&quot;sizes&quot;:[]},&quot;classic_row_gap_tablet&quot;:{&quot;unit&quot;:&quot;px&quot;,&quot;size&quot;:&quot;&quot;,&quot;sizes&quot;:[]},&quot;classic_row_gap_mobile&quot;:{&quot;unit&quot;:&quot;px&quot;,&quot;size&quot;:&quot;&quot;,&quot;sizes&quot;:[]}}\" data-widget_type=\"posts.classic\">\n\t\t\t\t<div class=\"elementor-widget-container\">\n\t\t\t\t\t\t\t<div class=\"elementor-posts-container elementor-posts elementor-posts--skin-classic elementor-grid\" role=\"list\">\n\t\t\t\t<article class=\"elementor-post elementor-grid-item post-2852 post type-post status-publish format-standard has-post-thumbnail hentry category-anwenderforum\" role=\"listitem\">\n\t\t\t\t<a class=\"elementor-post__thumbnail__link\" href=\"https:\/\/steuber.net\/fr\/anwenderforum\/datenueberpruefung-mit-automatischem-preflight\/\" tabindex=\"-1\">\n\t\t\t<div class=\"elementor-post__thumbnail\"><img fetchpriority=\"high\" decoding=\"async\" width=\"768\" height=\"384\" src=\"https:\/\/steuber.net\/wp-content\/uploads\/2022\/09\/steuber-blog-prepress-software-enfocus-pitstop-2-switch-768x384.webp\" class=\"attachment-medium_large size-medium_large wp-image-2866\" alt=\"V\u00e9rification des donn\u00e9es avec contr\u00f4le en amont automatique\" srcset=\"https:\/\/steuber.net\/wp-content\/uploads\/2022\/09\/steuber-blog-prepress-software-enfocus-pitstop-2-switch-768x384.webp 768w, https:\/\/steuber.net\/wp-content\/uploads\/2022\/09\/steuber-blog-prepress-software-enfocus-pitstop-2-switch-300x150.webp 300w, https:\/\/steuber.net\/wp-content\/uploads\/2022\/09\/steuber-blog-prepress-software-enfocus-pitstop-2-switch-1024x512.webp 1024w, https:\/\/steuber.net\/wp-content\/uploads\/2022\/09\/steuber-blog-prepress-software-enfocus-pitstop-2-switch.webp 1500w\" sizes=\"(max-width: 768px) 100vw, 768px\" \/><\/div>\n\t\t<\/a>\n\t\t\t\t<div class=\"elementor-post__text\">\n\t\t\t\t<\/div>\n\t\t\t\t<\/article>\n\t\t\t\t<\/div>\n\t\t\n\t\t\t\t\t\t<\/div>\n\t\t\t\t<\/div>\n\t\t\t\t<\/div>\n\t\t\t\t<\/div>\n\t\t<div class=\"elementor-element elementor-element-b272265 e-con-full e-flex e-con e-parent\" data-id=\"b272265\" data-element_type=\"container\" data-e-type=\"container\" data-settings=\"{&quot;background_background&quot;:&quot;gradient&quot;}\">\n\t\t<div class=\"elementor-element elementor-element-b8c4988 e-con-full e-flex e-con e-parent\" data-id=\"b8c4988\" data-element_type=\"container\" data-e-type=\"container\">\n\t\t\t\t<div class=\"elementor-element elementor-element-5b117e1 elementor-grid-2 elementor-grid-tablet-2 elementor-grid-mobile-1 elementor-posts--thumbnail-top elementor-widget elementor-widget-posts\" data-id=\"5b117e1\" data-element_type=\"widget\" data-e-type=\"widget\" data-settings=\"{&quot;classic_columns&quot;:&quot;2&quot;,&quot;classic_row_gap&quot;:{&quot;unit&quot;:&quot;px&quot;,&quot;size&quot;:77,&quot;sizes&quot;:[]},&quot;classic_row_gap_tablet&quot;:{&quot;unit&quot;:&quot;px&quot;,&quot;size&quot;:44,&quot;sizes&quot;:[]},&quot;classic_columns_tablet&quot;:&quot;2&quot;,&quot;classic_columns_mobile&quot;:&quot;1&quot;,&quot;classic_row_gap_mobile&quot;:{&quot;unit&quot;:&quot;px&quot;,&quot;size&quot;:&quot;&quot;,&quot;sizes&quot;:[]}}\" data-widget_type=\"posts.classic\">\n\t\t\t\t<div class=\"elementor-widget-container\">\n\t\t\t\t\t\t\t<div class=\"elementor-posts-container elementor-posts elementor-posts--skin-classic elementor-grid\" role=\"list\">\n\t\t\t\t<article class=\"elementor-post elementor-grid-item post-2839 post type-post status-publish format-standard has-post-thumbnail hentry category-anwenderforum\" role=\"listitem\">\n\t\t\t\t<a class=\"elementor-post__thumbnail__link\" href=\"https:\/\/steuber.net\/fr\/anwenderforum\/entsorgung-von-lackwasser-im-druck\/\" tabindex=\"-1\">\n\t\t\t<div class=\"elementor-post__thumbnail\"><img decoding=\"async\" width=\"768\" height=\"384\" src=\"https:\/\/steuber.net\/wp-content\/uploads\/2022\/09\/steuber-blog-drucksaal-lack-wasser-recycling-768x384.webp\" class=\"attachment-medium_large size-medium_large wp-image-2871\" alt=\"Entsorgung von Lackwasser im Druck\" srcset=\"https:\/\/steuber.net\/wp-content\/uploads\/2022\/09\/steuber-blog-drucksaal-lack-wasser-recycling-768x384.webp 768w, https:\/\/steuber.net\/wp-content\/uploads\/2022\/09\/steuber-blog-drucksaal-lack-wasser-recycling-300x150.webp 300w, https:\/\/steuber.net\/wp-content\/uploads\/2022\/09\/steuber-blog-drucksaal-lack-wasser-recycling-1024x512.webp 1024w, https:\/\/steuber.net\/wp-content\/uploads\/2022\/09\/steuber-blog-drucksaal-lack-wasser-recycling.webp 1500w\" sizes=\"(max-width: 768px) 100vw, 768px\" \/><\/div>\n\t\t<\/a>\n\t\t\t\t<div class=\"elementor-post__text\">\n\t\t\t\t<h3 class=\"elementor-post__title\">\n\t\t\t<a href=\"https:\/\/steuber.net\/fr\/anwenderforum\/entsorgung-von-lackwasser-im-druck\/\">\n\t\t\t\tEntsorgung von Lackwasser im Druck\t\t\t<\/a>\n\t\t<\/h3>\n\t\t\t\t<div class=\"elementor-post__excerpt\">\n\t\t\t<p>F\u00fcr Steuber Kunden ist die Entsorgung von Lackwasser beim Kauf von Dispersionslacken kostenlos. Dies wird durch die hauseigene Steuber Logistik gew\u00e4hrleistet.<\/p>\n\t\t<\/div>\n\t\t\n\t\t<a class=\"elementor-post__read-more\" href=\"https:\/\/steuber.net\/fr\/anwenderforum\/entsorgung-von-lackwasser-im-druck\/\" aria-label=\"Read more about Entsorgung von Lackwasser im Druck\" tabindex=\"-1\">\n\t\t\tLire la suite \u00bb\t\t<\/a>\n\n\t\t\t\t<\/div>\n\t\t\t\t<\/article>\n\t\t\t\t<article class=\"elementor-post elementor-grid-item post-2831 post type-post status-publish format-standard has-post-thumbnail hentry category-anwenderforum\" role=\"listitem\">\n\t\t\t\t<a class=\"elementor-post__thumbnail__link\" href=\"https:\/\/steuber.net\/fr\/anwenderforum\/cobo-roboter-automatisierung-in-buchbinderei-und-druckweiterverarbeitung\/\" tabindex=\"-1\">\n\t\t\t<div class=\"elementor-post__thumbnail\"><img decoding=\"async\" width=\"768\" height=\"384\" src=\"https:\/\/steuber.net\/wp-content\/uploads\/2022\/09\/steuber-blog-post-press-abstapeln-cobo-stack-768x384.webp\" class=\"attachment-medium_large size-medium_large wp-image-2863\" alt=\"\" srcset=\"https:\/\/steuber.net\/wp-content\/uploads\/2022\/09\/steuber-blog-post-press-abstapeln-cobo-stack-768x384.webp 768w, https:\/\/steuber.net\/wp-content\/uploads\/2022\/09\/steuber-blog-post-press-abstapeln-cobo-stack-300x150.webp 300w, https:\/\/steuber.net\/wp-content\/uploads\/2022\/09\/steuber-blog-post-press-abstapeln-cobo-stack-1024x512.webp 1024w, https:\/\/steuber.net\/wp-content\/uploads\/2022\/09\/steuber-blog-post-press-abstapeln-cobo-stack.webp 1500w\" sizes=\"(max-width: 768px) 100vw, 768px\" \/><\/div>\n\t\t<\/a>\n\t\t\t\t<div class=\"elementor-post__text\">\n\t\t\t\t<h3 class=\"elementor-post__title\">\n\t\t\t<a href=\"https:\/\/steuber.net\/fr\/anwenderforum\/cobo-roboter-automatisierung-in-buchbinderei-und-druckweiterverarbeitung\/\">\n\t\t\t\tCoBo \u2013 Roboter-Automatisierung in Buchbinderei und Druckweiterverarbeitung\t\t\t<\/a>\n\t\t<\/h3>\n\t\t\t\t<div class=\"elementor-post__excerpt\">\n\t\t\t<p>Automatisierung mit dem MBO CoBo-Stack Roboter in der Buchbinderei und der Druckweiterverarbeitung.<\/p>\n\t\t<\/div>\n\t\t\n\t\t<a class=\"elementor-post__read-more\" href=\"https:\/\/steuber.net\/fr\/anwenderforum\/cobo-roboter-automatisierung-in-buchbinderei-und-druckweiterverarbeitung\/\" aria-label=\"Read more about CoBo \u2013 Roboter-Automatisierung in Buchbinderei und Druckweiterverarbeitung\" tabindex=\"-1\">\n\t\t\tLire la suite \u00bb\t\t<\/a>\n\n\t\t\t\t<\/div>\n\t\t\t\t<\/article>\n\t\t\t\t<article class=\"elementor-post elementor-grid-item post-2816 post type-post status-publish format-standard has-post-thumbnail hentry category-anwenderforum\" role=\"listitem\">\n\t\t\t\t<a class=\"elementor-post__thumbnail__link\" href=\"https:\/\/steuber.net\/fr\/anwenderforum\/steuber-sonderfarben-fuer-den-offsetdruck\/\" tabindex=\"-1\">\n\t\t\t<div class=\"elementor-post__thumbnail\"><img loading=\"lazy\" decoding=\"async\" width=\"768\" height=\"384\" src=\"https:\/\/steuber.net\/wp-content\/uploads\/2022\/09\/steuber-blog-post-sonderfarben-768x384.webp\" class=\"attachment-medium_large size-medium_large wp-image-2878\" alt=\"Sonderfarben f\u00fcr den Offsetdruck\" srcset=\"https:\/\/steuber.net\/wp-content\/uploads\/2022\/09\/steuber-blog-post-sonderfarben-768x384.webp 768w, https:\/\/steuber.net\/wp-content\/uploads\/2022\/09\/steuber-blog-post-sonderfarben-300x150.webp 300w, https:\/\/steuber.net\/wp-content\/uploads\/2022\/09\/steuber-blog-post-sonderfarben-1024x512.webp 1024w, https:\/\/steuber.net\/wp-content\/uploads\/2022\/09\/steuber-blog-post-sonderfarben.webp 1500w\" sizes=\"(max-width: 768px) 100vw, 768px\" \/><\/div>\n\t\t<\/a>\n\t\t\t\t<div class=\"elementor-post__text\">\n\t\t\t\t<h3 class=\"elementor-post__title\">\n\t\t\t<a href=\"https:\/\/steuber.net\/fr\/anwenderforum\/steuber-sonderfarben-fuer-den-offsetdruck\/\">\n\t\t\t\tSteuber Sonderfarben f\u00fcr den Offsetdruck\t\t\t<\/a>\n\t\t<\/h3>\n\t\t\t\t<div class=\"elementor-post__excerpt\">\n\t\t\t<p>Steuber. Sonderfarben f\u00fcr den Offsetdruck. Pantone-Mischservice nach Kundenanforderung.<\/p>\n\t\t<\/div>\n\t\t\n\t\t<a class=\"elementor-post__read-more\" href=\"https:\/\/steuber.net\/fr\/anwenderforum\/steuber-sonderfarben-fuer-den-offsetdruck\/\" aria-label=\"Read more about Steuber Sonderfarben f\u00fcr den Offsetdruck\" tabindex=\"-1\">\n\t\t\tLire la suite \u00bb\t\t<\/a>\n\n\t\t\t\t<\/div>\n\t\t\t\t<\/article>\n\t\t\t\t<article class=\"elementor-post elementor-grid-item post-2811 post type-post status-publish format-standard has-post-thumbnail hentry category-anwenderforum\" role=\"listitem\">\n\t\t\t\t<a class=\"elementor-post__thumbnail__link\" href=\"https:\/\/steuber.net\/fr\/anwenderforum\/reduzierung-von-reklamationen-von-klebebindungen-mit-dauerklebrigen-henkel-hotmelt-seitenleimen\/\" tabindex=\"-1\">\n\t\t\t<div class=\"elementor-post__thumbnail\"><img loading=\"lazy\" decoding=\"async\" width=\"768\" height=\"384\" src=\"https:\/\/steuber.net\/wp-content\/uploads\/2022\/09\/steuber-blog-post-henkel-klebstoffe-768x384.webp\" class=\"attachment-medium_large size-medium_large wp-image-3163\" alt=\"Assurer la qualit\u00e9 de reliure de votre reliure coll\u00e9e avec des colles lat\u00e9rales Henkel - Hotmelt \u00e0 adh\u00e9rence permanente.\" srcset=\"https:\/\/steuber.net\/wp-content\/uploads\/2022\/09\/steuber-blog-post-henkel-klebstoffe-768x384.webp 768w, https:\/\/steuber.net\/wp-content\/uploads\/2022\/09\/steuber-blog-post-henkel-klebstoffe-300x150.webp 300w, https:\/\/steuber.net\/wp-content\/uploads\/2022\/09\/steuber-blog-post-henkel-klebstoffe-1024x512.webp 1024w, https:\/\/steuber.net\/wp-content\/uploads\/2022\/09\/steuber-blog-post-henkel-klebstoffe.webp 1500w\" sizes=\"(max-width: 768px) 100vw, 768px\" \/><\/div>\n\t\t<\/a>\n\t\t\t\t<div class=\"elementor-post__text\">\n\t\t\t\t<h3 class=\"elementor-post__title\">\n\t\t\t<a href=\"https:\/\/steuber.net\/fr\/anwenderforum\/reduzierung-von-reklamationen-von-klebebindungen-mit-dauerklebrigen-henkel-hotmelt-seitenleimen\/\">\n\t\t\t\tR\u00e9duction des r\u00e9clamations concernant les reliures coll\u00e9es avec des colles lat\u00e9rales Hotmelt Henkel \u00e0 adh\u00e9rence permanente\t\t\t<\/a>\n\t\t<\/h3>\n\t\t\t\t<div class=\"elementor-post__excerpt\">\n\t\t\t<p>Les colles lat\u00e9rales Hotmelt de Henkel vous offrent une qualit\u00e9 de reliure et une s\u00e9curit\u00e9 gr\u00e2ce \u00e0 leur adh\u00e9rence permanente unique et prot\u00e8gent vos brochures des erreurs de reliure.<\/p>\n\t\t<\/div>\n\t\t\n\t\t<a class=\"elementor-post__read-more\" href=\"https:\/\/steuber.net\/fr\/anwenderforum\/reduzierung-von-reklamationen-von-klebebindungen-mit-dauerklebrigen-henkel-hotmelt-seitenleimen\/\" aria-label=\"Read more about Reduzierung von Reklamationen von Klebebindungen mit dauerklebrigen Henkel Hotmelt Seitenleime\" tabindex=\"-1\">\n\t\t\tLire la suite \u00bb\t\t<\/a>\n\n\t\t\t\t<\/div>\n\t\t\t\t<\/article>\n\t\t\t\t<article class=\"elementor-post elementor-grid-item post-2796 post type-post status-publish format-standard has-post-thumbnail hentry category-anwenderforum\" role=\"listitem\">\n\t\t\t\t<a class=\"elementor-post__thumbnail__link\" href=\"https:\/\/steuber.net\/fr\/anwenderforum\/cumulus-raumlufthygiene-zur-begrenzung-von-keimbildung\/\" tabindex=\"-1\">\n\t\t\t<div class=\"elementor-post__thumbnail\"><img loading=\"lazy\" decoding=\"async\" width=\"768\" height=\"384\" src=\"https:\/\/steuber.net\/wp-content\/uploads\/2022\/09\/steuber-blog-post-cumulus-luftreinigung-768x384.webp\" class=\"attachment-medium_large size-medium_large wp-image-2864\" alt=\"\" srcset=\"https:\/\/steuber.net\/wp-content\/uploads\/2022\/09\/steuber-blog-post-cumulus-luftreinigung-768x384.webp 768w, https:\/\/steuber.net\/wp-content\/uploads\/2022\/09\/steuber-blog-post-cumulus-luftreinigung-300x150.webp 300w, https:\/\/steuber.net\/wp-content\/uploads\/2022\/09\/steuber-blog-post-cumulus-luftreinigung-1024x512.webp 1024w, https:\/\/steuber.net\/wp-content\/uploads\/2022\/09\/steuber-blog-post-cumulus-luftreinigung.webp 1500w\" sizes=\"(max-width: 768px) 100vw, 768px\" \/><\/div>\n\t\t<\/a>\n\t\t\t\t<div class=\"elementor-post__text\">\n\t\t\t\t<h3 class=\"elementor-post__title\">\n\t\t\t<a href=\"https:\/\/steuber.net\/fr\/anwenderforum\/cumulus-raumlufthygiene-zur-begrenzung-von-keimbildung\/\">\n\t\t\t\tCumulus Raumlufthygiene zur Begrenzung von Keimbildung\t\t\t<\/a>\n\t\t<\/h3>\n\t\t\t\t<div class=\"elementor-post__excerpt\">\n\t\t\t<p>Cumulus Raumlufthygiene zur Begrenzung und Eliminierung von pathogener Keimbildung (u. a. Corona COVID 19)<\/p>\n\t\t<\/div>\n\t\t\n\t\t<a class=\"elementor-post__read-more\" href=\"https:\/\/steuber.net\/fr\/anwenderforum\/cumulus-raumlufthygiene-zur-begrenzung-von-keimbildung\/\" aria-label=\"Read more about Cumulus Raumlufthygiene zur Begrenzung von Keimbildung\" tabindex=\"-1\">\n\t\t\tLire la suite \u00bb\t\t<\/a>\n\n\t\t\t\t<\/div>\n\t\t\t\t<\/article>\n\t\t\t\t<article class=\"elementor-post elementor-grid-item post-2784 post type-post status-publish format-standard has-post-thumbnail hentry category-anwenderforum\" role=\"listitem\">\n\t\t\t\t<a class=\"elementor-post__thumbnail__link\" href=\"https:\/\/steuber.net\/fr\/anwenderforum\/abloesungen-von-pur-rueckenleim-vermeiden\/\" tabindex=\"-1\">\n\t\t\t<div class=\"elementor-post__thumbnail\"><img loading=\"lazy\" decoding=\"async\" width=\"768\" height=\"384\" src=\"https:\/\/steuber.net\/wp-content\/uploads\/2022\/09\/steuber-pur-kleber-abloesung-768x384.webp\" class=\"attachment-medium_large size-medium_large wp-image-2865\" alt=\"\" srcset=\"https:\/\/steuber.net\/wp-content\/uploads\/2022\/09\/steuber-pur-kleber-abloesung-768x384.webp 768w, https:\/\/steuber.net\/wp-content\/uploads\/2022\/09\/steuber-pur-kleber-abloesung-300x150.webp 300w, https:\/\/steuber.net\/wp-content\/uploads\/2022\/09\/steuber-pur-kleber-abloesung-1024x512.webp 1024w, https:\/\/steuber.net\/wp-content\/uploads\/2022\/09\/steuber-pur-kleber-abloesung.webp 1500w\" sizes=\"(max-width: 768px) 100vw, 768px\" \/><\/div>\n\t\t<\/a>\n\t\t\t\t<div class=\"elementor-post__text\">\n\t\t\t\t<h3 class=\"elementor-post__title\">\n\t\t\t<a href=\"https:\/\/steuber.net\/fr\/anwenderforum\/abloesungen-von-pur-rueckenleim-vermeiden\/\">\n\t\t\t\tAbl\u00f6sungen von PUR-R\u00fcckenleim vermeiden\t\t\t<\/a>\n\t\t<\/h3>\n\t\t\t\t<div class=\"elementor-post__excerpt\">\n\t\t\t<p>PUR-Schmelzklebstoffe weisen ein grundlegendes Problem mit Dispersionsschutzlacken auf. Wir sagen Ihnen, wie Sie Abl\u00f6sungen von PUR-R\u00fcckenleim vermeiden.<\/p>\n\t\t<\/div>\n\t\t\n\t\t<a class=\"elementor-post__read-more\" href=\"https:\/\/steuber.net\/fr\/anwenderforum\/abloesungen-von-pur-rueckenleim-vermeiden\/\" aria-label=\"Read more about Abl\u00f6sungen von PUR-R\u00fcckenleim vermeiden\" tabindex=\"-1\">\n\t\t\tLire la suite \u00bb\t\t<\/a>\n\n\t\t\t\t<\/div>\n\t\t\t\t<\/article>\n\t\t\t\t<article class=\"elementor-post elementor-grid-item post-2696 post type-post status-publish format-standard has-post-thumbnail hentry category-anwenderforum tag-care tag-datenbrille tag-ferndiagnose tag-service\" role=\"listitem\">\n\t\t\t\t<a class=\"elementor-post__thumbnail__link\" href=\"https:\/\/steuber.net\/fr\/anwenderforum\/ferndiagnose-per-datenbrille\/\" tabindex=\"-1\">\n\t\t\t<div class=\"elementor-post__thumbnail\"><img loading=\"lazy\" decoding=\"async\" width=\"768\" height=\"432\" src=\"https:\/\/steuber.net\/wp-content\/uploads\/2022\/09\/steuber-fernwartung-care-live-view-768x432.webp\" class=\"attachment-medium_large size-medium_large wp-image-1606\" alt=\"Steuber Videobrille care live view\" srcset=\"https:\/\/steuber.net\/wp-content\/uploads\/2022\/09\/steuber-fernwartung-care-live-view-768x432.webp 768w, https:\/\/steuber.net\/wp-content\/uploads\/2022\/09\/steuber-fernwartung-care-live-view-300x169.webp 300w, https:\/\/steuber.net\/wp-content\/uploads\/2022\/09\/steuber-fernwartung-care-live-view-1024x576.webp 1024w, https:\/\/steuber.net\/wp-content\/uploads\/2022\/09\/steuber-fernwartung-care-live-view.webp 1100w\" sizes=\"(max-width: 768px) 100vw, 768px\" \/><\/div>\n\t\t<\/a>\n\t\t\t\t<div class=\"elementor-post__text\">\n\t\t\t\t<h3 class=\"elementor-post__title\">\n\t\t\t<a href=\"https:\/\/steuber.net\/fr\/anwenderforum\/ferndiagnose-per-datenbrille\/\">\n\t\t\t\tFerndiagnose per Datenbrille\t\t\t<\/a>\n\t\t<\/h3>\n\t\t\t\t<div class=\"elementor-post__excerpt\">\n\t\t\t<p>Neue Wege der Ferndiagnose bei Steuber \u2013 Ferndiagnose per Datenbrille. Mit care live view bringen wir den virtuellen Techniker zu Ihnen.<\/p>\n\t\t<\/div>\n\t\t\n\t\t<a class=\"elementor-post__read-more\" href=\"https:\/\/steuber.net\/fr\/anwenderforum\/ferndiagnose-per-datenbrille\/\" aria-label=\"Read more about Ferndiagnose per Datenbrille\" tabindex=\"-1\">\n\t\t\tLire la suite \u00bb\t\t<\/a>\n\n\t\t\t\t<\/div>\n\t\t\t\t<\/article>\n\t\t\t\t<article class=\"elementor-post elementor-grid-item post-6431 post type-post status-publish format-standard has-post-thumbnail hentry category-success-stories\" role=\"listitem\">\n\t\t\t\t<a class=\"elementor-post__thumbnail__link\" href=\"https:\/\/steuber.net\/fr\/success-stories\/iecho-loest-das-stanzproblem\/\" tabindex=\"-1\">\n\t\t\t<div class=\"elementor-post__thumbnail\"><img loading=\"lazy\" decoding=\"async\" width=\"768\" height=\"512\" src=\"https:\/\/steuber.net\/wp-content\/uploads\/2023\/07\/iecho-frank-druck-768x512.webp\" class=\"attachment-medium_large size-medium_large wp-image-6433\" alt=\"iecko Schneidplotter von Steuber bei Frank Druck\" srcset=\"https:\/\/steuber.net\/wp-content\/uploads\/2023\/07\/iecho-frank-druck-768x512.webp 768w, https:\/\/steuber.net\/wp-content\/uploads\/2023\/07\/iecho-frank-druck-300x200.webp 300w, https:\/\/steuber.net\/wp-content\/uploads\/2023\/07\/iecho-frank-druck-1024x683.webp 1024w, https:\/\/steuber.net\/wp-content\/uploads\/2023\/07\/iecho-frank-druck-18x12.webp 18w, https:\/\/steuber.net\/wp-content\/uploads\/2023\/07\/iecho-frank-druck.webp 1200w\" sizes=\"(max-width: 768px) 100vw, 768px\" \/><\/div>\n\t\t<\/a>\n\t\t\t\t<div class=\"elementor-post__text\">\n\t\t\t\t<h3 class=\"elementor-post__title\">\n\t\t\t<a href=\"https:\/\/steuber.net\/fr\/success-stories\/iecho-loest-das-stanzproblem\/\">\n\t\t\t\tiEcho l\u00f6st das Stanzproblem\t\t\t<\/a>\n\t\t<\/h3>\n\t\t\t\t<div class=\"elementor-post__excerpt\">\n\t\t\t<p>Die Druckerei Frank Druck + Medien in Aachen beeindruckt mit kreativen und exklusiven Verpackungen f\u00fcr gro\u00dfe Marken. Die Investition in die digitale Stanzmaschine iEcho erm\u00f6glicht flexible Produktion und neue M\u00f6glichkeiten. Lesen Sie unsere iEcho Success Story.<\/p>\n\t\t<\/div>\n\t\t\n\t\t<a class=\"elementor-post__read-more\" href=\"https:\/\/steuber.net\/fr\/success-stories\/iecho-loest-das-stanzproblem\/\" aria-label=\"Read more about iEcho l\u00f6st das Stanzproblem\" tabindex=\"-1\">\n\t\t\tLire la suite \u00bb\t\t<\/a>\n\n\t\t\t\t<\/div>\n\t\t\t\t<\/article>\n\t\t\t\t<article class=\"elementor-post elementor-grid-item post-5908 post type-post status-publish format-standard has-post-thumbnail hentry category-anwenderforum\" role=\"listitem\">\n\t\t\t\t<a class=\"elementor-post__thumbnail__link\" href=\"https:\/\/steuber.net\/fr\/anwenderforum\/farbe-im-offsetdruck-sparen\/\" tabindex=\"-1\">\n\t\t\t<div class=\"elementor-post__thumbnail\"><img loading=\"lazy\" decoding=\"async\" width=\"768\" height=\"444\" src=\"https:\/\/steuber.net\/wp-content\/uploads\/2023\/03\/steuber-farbe-im-offsetdruck-sparen-768x444.webp\" class=\"attachment-medium_large size-medium_large wp-image-5922\" alt=\"Farbe im Offsetdruck sparen\" srcset=\"https:\/\/steuber.net\/wp-content\/uploads\/2023\/03\/steuber-farbe-im-offsetdruck-sparen-768x444.webp 768w, https:\/\/steuber.net\/wp-content\/uploads\/2023\/03\/steuber-farbe-im-offsetdruck-sparen-300x174.webp 300w, https:\/\/steuber.net\/wp-content\/uploads\/2023\/03\/steuber-farbe-im-offsetdruck-sparen-1024x592.webp 1024w, https:\/\/steuber.net\/wp-content\/uploads\/2023\/03\/steuber-farbe-im-offsetdruck-sparen.webp 1200w\" sizes=\"(max-width: 768px) 100vw, 768px\" \/><\/div>\n\t\t<\/a>\n\t\t\t\t<div class=\"elementor-post__text\">\n\t\t\t\t<h3 class=\"elementor-post__title\">\n\t\t\t<a href=\"https:\/\/steuber.net\/fr\/anwenderforum\/farbe-im-offsetdruck-sparen\/\">\n\t\t\t\tFarbe im Offsetdruck sparen\t\t\t<\/a>\n\t\t<\/h3>\n\t\t\t\t<div class=\"elementor-post__excerpt\">\n\t\t\t<p>Farbe im Offsetdruck sparen \u2013 mit der Agfa SPIR@L Rastertechnologie. Ohne kostspieligen Upgrades f\u00fcr CTP oder Druckmaschinen gew\u00e4hrleistet diese neue Technologie lebendige Farben, optimiert die Sch\u00e4rfe und reduziert sujetbedingtes Moir\u00e9.<\/p>\n\t\t<\/div>\n\t\t\n\t\t<a class=\"elementor-post__read-more\" href=\"https:\/\/steuber.net\/fr\/anwenderforum\/farbe-im-offsetdruck-sparen\/\" aria-label=\"Read more about Farbe im Offsetdruck sparen\" tabindex=\"-1\">\n\t\t\tLire la suite \u00bb\t\t<\/a>\n\n\t\t\t\t<\/div>\n\t\t\t\t<\/article>\n\t\t\t\t<article class=\"elementor-post elementor-grid-item post-5453 post type-post status-publish format-standard has-post-thumbnail hentry category-anwenderforum\" role=\"listitem\">\n\t\t\t\t<a class=\"elementor-post__thumbnail__link\" href=\"https:\/\/steuber.net\/fr\/anwenderforum\/verbot-leuchtstoffroehren-druckerei\/\" tabindex=\"-1\">\n\t\t\t<div class=\"elementor-post__thumbnail\"><img loading=\"lazy\" decoding=\"async\" width=\"768\" height=\"432\" src=\"https:\/\/steuber.net\/wp-content\/uploads\/2023\/01\/verbot-leuchtstoffroehren-druckerei-768x432.webp\" class=\"attachment-medium_large size-medium_large wp-image-5455\" alt=\"Verbot von Leuchtstoffr\u00f6hren in Druckereien\" srcset=\"https:\/\/steuber.net\/wp-content\/uploads\/2023\/01\/verbot-leuchtstoffroehren-druckerei-768x432.webp 768w, https:\/\/steuber.net\/wp-content\/uploads\/2023\/01\/verbot-leuchtstoffroehren-druckerei-300x169.webp 300w, https:\/\/steuber.net\/wp-content\/uploads\/2023\/01\/verbot-leuchtstoffroehren-druckerei.webp 1024w\" sizes=\"(max-width: 768px) 100vw, 768px\" \/><\/div>\n\t\t<\/a>\n\t\t\t\t<div class=\"elementor-post__text\">\n\t\t\t\t<h3 class=\"elementor-post__title\">\n\t\t\t<a href=\"https:\/\/steuber.net\/fr\/anwenderforum\/verbot-leuchtstoffroehren-druckerei\/\">\n\t\t\t\tVerbot von Leuchtstoffr\u00f6hren in Druckereien\t\t\t<\/a>\n\t\t<\/h3>\n\t\t\t\t<div class=\"elementor-post__excerpt\">\n\t\t\t<p>Verbot von Leuchtstoffr\u00f6hren in Druckereien Lesedauer:5 min. Laut RoHS-Richtlinie d\u00fcrfen Kompaktleuchtstoff- und Leuchtstofflampen seit dem 24. Februar 2023 bzw. 24. August 2023 nicht mehr verkauft<\/p>\n\t\t<\/div>\n\t\t\n\t\t<a class=\"elementor-post__read-more\" href=\"https:\/\/steuber.net\/fr\/anwenderforum\/verbot-leuchtstoffroehren-druckerei\/\" aria-label=\"Read more about Verbot von Leuchtstoffr\u00f6hren in Druckereien\" tabindex=\"-1\">\n\t\t\tLire la suite \u00bb\t\t<\/a>\n\n\t\t\t\t<\/div>\n\t\t\t\t<\/article>\n\t\t\t\t<\/div>\n\t\t\n\t\t\t\t\t\t<\/div>\n\t\t\t\t<\/div>\n\t\t\t\t<\/div>\n\t\t\t\t<\/div>\n\t\t\t\t<\/div>","protected":false},"excerpt":{"rendered":"<p>Antworten auf Ihre Fragen und spannende Success Stories \u2013 das Steuber Anwenderforum \u00dcber 100 Jahre Steuber Expertise in der grafischen Industrie. Mehr und mehr wurden wir zur Schnittstelle zwischen Herstellern und Anwendern. Viele Fragen, die uns \u00fcber die Jahre immer wieder gestellt wurden, interessante L\u00f6sungen aktueller Fragestellungen \u2013 all das behandeln wir in diesem Anwenderforum. [&hellip;]<\/p>\n","protected":false},"author":1,"featured_media":0,"parent":0,"menu_order":0,"comment_status":"closed","ping_status":"closed","template":"","meta":{"_angie_page":false,"footnotes":""},"class_list":["post-812","page","type-page","status-publish","hentry"],"_links":{"self":[{"href":"https:\/\/steuber.net\/fr\/wp-json\/wp\/v2\/pages\/812","targetHints":{"allow":["GET"]}}],"collection":[{"href":"https:\/\/steuber.net\/fr\/wp-json\/wp\/v2\/pages"}],"about":[{"href":"https:\/\/steuber.net\/fr\/wp-json\/wp\/v2\/types\/page"}],"author":[{"embeddable":true,"href":"https:\/\/steuber.net\/fr\/wp-json\/wp\/v2\/users\/1"}],"replies":[{"embeddable":true,"href":"https:\/\/steuber.net\/fr\/wp-json\/wp\/v2\/comments?post=812"}],"version-history":[{"count":0,"href":"https:\/\/steuber.net\/fr\/wp-json\/wp\/v2\/pages\/812\/revisions"}],"wp:attachment":[{"href":"https:\/\/steuber.net\/fr\/wp-json\/wp\/v2\/media?parent=812"}],"curies":[{"name":"wp","href":"https:\/\/api.w.org\/{rel}","templated":true}]}}